{"id":15694,"date":"2014-05-12T09:15:44","date_gmt":"2014-05-12T09:15:44","guid":{"rendered":"http:\/\/demo.qodeinteractive.com\/bridge5\/?page_id=15694"},"modified":"2022-06-01T11:02:41","modified_gmt":"2022-06-01T11:02:41","slug":"chalet-le-planica-location-appartements-la-rosiere","status":"publish","type":"page","link":"https:\/\/leplanica.com\/fr\/","title":{"rendered":"Chalet Le Planica &#8211; Location d&#8217;appartements et piscine La Rosi\u00e8re 1850"},"content":{"rendered":"<div class=\"wpb-content-wrapper\"><p>[vc_row css_animation=&#8221;&#8221; row_type=&#8221;row&#8221; use_row_as_full_screen_section=&#8221;no&#8221; type=&#8221;grid&#8221; angled_section=&#8221;no&#8221; text_align=&#8221;left&#8221; background_image_as_pattern=&#8221;without_pattern&#8221; anchor=&#8221;portfolio&#8221; background_color=&#8221;#ffffff&#8221; padding_top=&#8221;58&#8243; padding_bottom=&#8221;0&#8243;][vc_column][vc_column_text]<\/p>\n<h2 style=\"text-align: center;\"><span data-type=\"normal\"  class=\"qode_icon_shortcode  q_font_awsome_icon   \" style=\" \"><i class=\"qode_icon_font_awesome fa fa-heart-o qode_icon_element\" style=\"font-size: 30px;\" ><\/i><\/span> BIENVENUE CHEZ NOUS<\/h2>\n<p>[\/vc_column_text][vc_separator type=&#8221;transparent&#8221; thickness=&#8221;50&#8243; up=&#8221;0&#8243; down=&#8221;0&#8243;][vc_row_inner row_type=&#8221;row&#8221; type=&#8221;full_width&#8221; text_align=&#8221;left&#8221; css_animation=&#8221;&#8221;][vc_column_inner width=&#8221;1\/3&#8243;][vc_single_image image=&#8221;17755&#8243; img_size=&#8221;full&#8221; qode_css_animation=&#8221;element_from_fade&#8221; transition_delay=&#8221;0.3&#8243;][vc_separator type=&#8221;transparent&#8221; up=&#8221;25&#8243; down=&#8221;8&#8243;][vc_column_text]<\/p>\n<h3 style=\"text-align: center;\">RESIDENCE DE CHARME<\/h3>\n<p>[\/vc_column_text][vc_separator type=&#8221;transparent&#8221; up=&#8221;11&#8243; down=&#8221;0&#8243;][vc_column_text]<\/p>\n<p style=\"text-align: center;\">Implant\u00e9 \u00e0 La Rosi\u00e8re, \u00e0 deux pas du centre du village, Le Planica est une r\u00e9sidence de charme,\u00a0construite selon une architecture traditionnelle alliant pierre et bois. Sa d\u00e9coration montagnarde et ses appartements, pouvant accueillir jusqu\u2019\u00e0 15 personnes, en font le lieu id\u00e9al pour f\u00eater No\u00ebl ou partager des vacances en famille. Orient\u00e9s plein sud, les appartements sont spacieux, modernes, avec une vue magnifique sur les Alpes et la vall\u00e9e.<\/p>\n<p>[\/vc_column_text][vc_separator type=&#8221;transparent&#8221; up=&#8221;18&#8243; down=&#8221;0&#8243;][vc_separator type=&#8221;transparent&#8221; up=&#8221;63&#8243; down=&#8221;0&#8243;][\/vc_column_inner][vc_column_inner width=&#8221;1\/3&#8243;][vc_single_image image=&#8221;17756&#8243; img_size=&#8221;full&#8221; qode_css_animation=&#8221;element_from_fade&#8221; transition_delay=&#8221;0.6&#8243;][vc_separator type=&#8221;transparent&#8221; up=&#8221;25&#8243; down=&#8221;8&#8243;][vc_column_text]<\/p>\n<h3 style=\"text-align: center;\">AU PIED DES PISTES<\/h3>\n<p>[\/vc_column_text][vc_separator type=&#8221;transparent&#8221; up=&#8221;11&#8243; down=&#8221;0&#8243;][vc_column_text]<\/p>\n<p style=\"text-align: center;\">Plac\u00e9 au pied des pistes, \u00e0 proximit\u00e9 des jardins d\u2019enfants, le chalet propose un acc\u00e8s direct aux pistes et cours de ski. Apr\u00e8s une journ\u00e9e sportive ou contemplative, vous appr\u00e9cierez notre espace baln\u00e9o avec piscine, spa, sauna, hammam, pour votre d\u00e9tente et bien-\u00eatre. Le Planica est un charmant \u00e9tablissement familial \u00e0 l\u2019esprit montagnard, avec un accueil appr\u00e9ci\u00e9 et des traditions chaleureuses.<\/p>\n<p>[\/vc_column_text][vc_separator type=&#8221;transparent&#8221; up=&#8221;18&#8243; down=&#8221;0&#8243;][vc_separator type=&#8221;transparent&#8221; up=&#8221;63&#8243; down=&#8221;0&#8243;][\/vc_column_inner][vc_column_inner width=&#8221;1\/3&#8243;][vc_single_image image=&#8221;17757&#8243; img_size=&#8221;full&#8221; qode_css_animation=&#8221;element_from_fade&#8221; transition_delay=&#8221;0.9&#8243;][vc_separator type=&#8221;transparent&#8221; up=&#8221;25&#8243; down=&#8221;8&#8243;][vc_column_text]<\/p>\n<h3 style=\"text-align: center;\">PANORAMA PLEIN SUD<\/h3>\n<p>[\/vc_column_text][vc_separator type=&#8221;transparent&#8221; up=&#8221;11&#8243; down=&#8221;0&#8243;][vc_column_text]<\/p>\n<p style=\"text-align: center;\">Situ\u00e9e dans le quartier tr\u00e8s calme de Manessier, vous serrez tous de suite s\u00e9duit par la beaut\u00e9 de la r\u00e9sidence. A proximit\u00e9 de la for\u00eat et des prairies fleuries, le Planica est un lieu id\u00e9al pour les d\u00e9parts en ballade \u00e0 pied ou en v\u00e9lo pour toute la famille. Avec une multitude d\u2019activit\u00e9s propos\u00e9es dans le village ou tout simplement se ressourcer sur un transat \u00e0 la terrasse de la piscine, les vacances d\u2019\u00e9t\u00e9 \u00e0 la montagne sont faites pour vous !<\/p>\n<p>[\/vc_column_text][vc_separator type=&#8221;transparent&#8221; up=&#8221;18&#8243; down=&#8221;0&#8243;][vc_separator type=&#8221;transparent&#8221; up=&#8221;63&#8243; down=&#8221;0&#8243;][\/vc_column_inner][\/vc_row_inner][\/vc_column][\/vc_row][vc_row row_type=&#8221;parallax&#8221; parallax_content_width=&#8221;in_grid&#8221; text_align=&#8221;center&#8221; full_screen_section_height=&#8221;no&#8221; background_image=&#8221;17798&#8243; section_height=&#8221;400&#8243;][vc_column][vc_empty_space height=&#8221;100px&#8221;]<div class=\"q_box_holder with_icon\" style=\"background-color: rgba(0,0,0,0.51);\"><div class=\"box_holder_icon\"><div class=\"box_holder_icon_inner medium circle q_icon_animation\" style=\"\"><span data-icon-type=\"circle\" class=\"qode_iwt_icon_holder fa-stack fa-3x  \" style=\"background-color: #4b8cf0\"><i class=\"qode_icon_font_awesome fa fa-camera qode_iwt_icon_element\" style=\"color: #ffffff\"><\/i><\/span><\/div><\/div><div class=\"box_holder_inner medium center\"><h5 class=\"icon_title\" style=\"color: #ffffff;\"><\/h5><span class=\"separator transparent\" style=\"margin: 8px 0;\"><\/span><p style=\"color: #ffffff\">Gr\u00e2ce \u00e0 notre Webcam HD, d\u00e9couvrez \u00e9t\u00e9 comme hiver, la vue panoramique du balcon de votre appartement,<br \/>\net suivez l\u2019\u00e9tat d\u2019enneigement au pied des pistes et dans les jardins d\u2019enfants.<\/p><\/div><\/div>[vc_empty_space height=&#8221;30px&#8221;]<a  itemprop=\"url\" href=\"http:\/\/app.webcam-hd.com\/rosiere-planica\/rosiere-planica_hotel\" target=\"_blank\" data-hover-background-color=\"#4b8cf0\" class=\"qbutton  medium default\" style=\"font-weight: 600; background-color:#ffffff;\">Voir notre Webcam<\/a>[\/vc_column][\/vc_row][vc_row css_animation=&#8221;&#8221; row_type=&#8221;row&#8221; use_row_as_full_screen_section=&#8221;no&#8221; type=&#8221;full_width&#8221; angled_section=&#8221;no&#8221; text_align=&#8221;left&#8221; background_image_as_pattern=&#8221;without_pattern&#8221;][vc_column][vc_separator type=&#8221;transparent&#8221; thickness=&#8221;50&#8243;][vc_column_text]<\/p>\n<h2 style=\"text-align: center;\">LES <span data-type=\"normal\"  class=\"qode_icon_shortcode  q_font_awsome_icon   \" style=\" \"><i class=\"qode_icon_font_awesome fa fa-comments qode_icon_element\" style=\"font-size: 30px;\" ><\/i><\/span>\u00a0NEWS DU PLANICA<\/h2>\n<p>[\/vc_column_text][vc_separator type=&#8221;transparent&#8221; up=&#8221;0&#8243; down=&#8221;10&#8243;][vc_column_text]<\/p>\n<h4 style=\"text-align: center;\">Et les informations en direct\u00a0de La Rosi\u00e8re<\/h4>\n<p>[\/vc_column_text][vc_separator type=&#8221;transparent&#8221; up=&#8221;27&#8243; down=&#8221;22&#8243;]\n<div class='latest_post_holder boxes three_columns one_row' >\n    <ul>\n    \n        <li class=\"clearfix\">\n            <div class=\"boxes_image\">\n                                <a itemprop=\"url\" href=\"https:\/\/leplanica.com\/fr\/reservations-ete-2026\/\"><img loading=\"lazy\" decoding=\"async\" width=\"539\" height=\"303\" src=\"https:\/\/leplanica.com\/fr\/wp-content\/uploads\/2015\/04\/le-planica-la-rosiere-1850-reservation-ete-539x303.jpg\" class=\"attachment-latest_post_boxes size-latest_post_boxes wp-post-image\" alt=\"\" \/><\/a>\n            <\/div>\n            <div class=\"latest_post\"  >\n                <div class=\"latest_post_text\">\n                    <div class=\"latest_post_inner\">\n                        <div class=\"latest_post_text_inner\">\n                            <h5 itemprop=\"name\" class=\"latest_post_title entry_title\"><a itemprop=\"url\" href=\"https:\/\/leplanica.com\/fr\/reservations-ete-2026\/\">R\u00e9servations \u00e9t\u00e9 2026<\/a><\/h5>\n                            <p class=\"excerpt\">Contactez-nous d\u00e8s \u00e0 pr\u00e9sent pour r\u00e9server vos vacances d\u2019\u00e9t\u00e9 au Planica. Tous les tarifs disponibles ici...<\/p>\n                            <span class=\"post_infos\">\n                                                                                                \n                                \n                                                            <\/span>\n                        <\/div>\n                    <\/div>\n                <\/div>\n            <\/div>\n        <\/li>\n    \n        <li class=\"clearfix\">\n            <div class=\"boxes_image\">\n                                <a itemprop=\"url\" href=\"https:\/\/leplanica.com\/fr\/trail-de-la-rosiere-2016\/\"><img loading=\"lazy\" decoding=\"async\" width=\"539\" height=\"303\" src=\"https:\/\/leplanica.com\/fr\/wp-content\/uploads\/2015\/04\/le-planica-la-rosiere-1850-trail-des-moulins-539x303.jpg\" class=\"attachment-latest_post_boxes size-latest_post_boxes wp-post-image\" alt=\"\" \/><\/a>\n            <\/div>\n            <div class=\"latest_post\"  >\n                <div class=\"latest_post_text\">\n                    <div class=\"latest_post_inner\">\n                        <div class=\"latest_post_text_inner\">\n                            <h5 itemprop=\"name\" class=\"latest_post_title entry_title\"><a itemprop=\"url\" href=\"https:\/\/leplanica.com\/fr\/trail-de-la-rosiere-2016\/\">Trail de La Rosi\u00e8re<\/a><\/h5>\n                            <p class=\"excerpt\">Video du Trail de La Rosi\u00e8re 2016...<\/p>\n                            <span class=\"post_infos\">\n                                                                                                \n                                \n                                                            <\/span>\n                        <\/div>\n                    <\/div>\n                <\/div>\n            <\/div>\n        <\/li>\n    \n        <li class=\"clearfix\">\n            <div class=\"boxes_image\">\n                                <a itemprop=\"url\" href=\"https:\/\/leplanica.com\/fr\/les-activites-dete-a-la-rosiere\/\"><img loading=\"lazy\" decoding=\"async\" width=\"539\" height=\"303\" src=\"https:\/\/leplanica.com\/fr\/wp-content\/uploads\/2015\/04\/video-la-rosiere-539x303.jpg\" class=\"attachment-latest_post_boxes size-latest_post_boxes wp-post-image\" alt=\"\" \/><\/a>\n            <\/div>\n            <div class=\"latest_post\"  >\n                <div class=\"latest_post_text\">\n                    <div class=\"latest_post_inner\">\n                        <div class=\"latest_post_text_inner\">\n                            <h5 itemprop=\"name\" class=\"latest_post_title entry_title\"><a itemprop=\"url\" href=\"https:\/\/leplanica.com\/fr\/les-activites-dete-a-la-rosiere\/\">Les activit\u00e9s d&#8217;\u00e9t\u00e9 \u00e0 La Rosi\u00e8re<\/a><\/h5>\n                            <p class=\"excerpt\">D\u00e9couvrez en un petit film, une partie des activit\u00e9s qui vous sont propos\u00e9es pendant vos vacances \u00e0 La Rosi\u00e8re !...<\/p>\n                            <span class=\"post_infos\">\n                                                                                                \n                                \n                                                            <\/span>\n                        <\/div>\n                    <\/div>\n                <\/div>\n            <\/div>\n        <\/li>\n        <\/ul>\n<\/div>[vc_separator type=&#8221;transparent&#8221; thickness=&#8221;50&#8243;][\/vc_column][\/vc_row][vc_row row_type=&#8221;parallax&#8221; parallax_content_width=&#8221;in_grid&#8221; text_align=&#8221;left&#8221; full_screen_section_height=&#8221;no&#8221; background_image=&#8221;17877&#8243; section_height=&#8221;400&#8243;][vc_column][\/vc_column][\/vc_row][vc_row css_animation=&#8221;&#8221; row_type=&#8221;row&#8221; use_row_as_full_screen_section=&#8221;no&#8221; type=&#8221;grid&#8221; angled_section=&#8221;no&#8221; text_align=&#8221;left&#8221; background_image_as_pattern=&#8221;without_pattern&#8221; anchor=&#8221;portfolio&#8221; background_color=&#8221;#ffffff&#8221; padding_top=&#8221;78&#8243; padding_bottom=&#8221;0&#8243;][vc_column][vc_column_text]<\/p>\n<h2 style=\"text-align: center;\">LES\u00a0<span data-type=\"normal\"  class=\"qode_icon_shortcode  q_font_awsome_icon   q_icon_animation\" style=\" \"><i class=\"qode_icon_font_awesome fa fa-plus-square-o qode_icon_element\" style=\"font-size: 30px;\" ><\/i><\/span> DU PLANICA<\/h2>\n<p>[\/vc_column_text][vc_separator type=&#8221;transparent&#8221; up=&#8221;0&#8243; down=&#8221;10&#8243;][vc_column_text]<\/p>\n<h4 style=\"text-align: center;\">Qui font toute la diff\u00e9rence pendant vos vacances<\/h4>\n<p>[\/vc_column_text][vc_separator type=&#8221;transparent&#8221; up=&#8221;27&#8243; down=&#8221;22&#8243;][vc_row_inner row_type=&#8221;row&#8221; type=&#8221;full_width&#8221; text_align=&#8221;left&#8221; css_animation=&#8221;&#8221;][vc_column_inner width=&#8221;1\/3&#8243;][vc_single_image image=&#8221;17862&#8243; img_size=&#8221;full&#8221; qode_css_animation=&#8221;element_from_fade&#8221; transition_delay=&#8221;0.3&#8243;][vc_separator type=&#8221;transparent&#8221; up=&#8221;25&#8243; down=&#8221;8&#8243;][vc_column_text]<\/p>\n<h3 style=\"text-align: center;\"><span data-type=\"normal\"  class=\"qode_icon_shortcode  q_font_awsome_icon   \" style=\" \"><i class=\"qode_icon_font_awesome fa fa-map-marker qode_icon_element\" style=\"font-size: 30px;\" ><\/i><\/span>\u00a0SITUATION<\/h3>\n<p>[\/vc_column_text][vc_separator type=&#8221;transparent&#8221; up=&#8221;11&#8243; down=&#8221;0&#8243;][vc_column_text]<\/p>\n<p style=\"text-align: center;\">Situ\u00e9e dans le quartier de Manessier, au pied des pistes et \u00e0 proximit\u00e9 des jardins d\u2019enfants, pour un d\u00e9part et retour skis aux pieds sans efforts. Les cours de ski sont \u00e0 port\u00e9e de spatules. Les premiers commerces sont \u00e0 100m et le centre station \u00e0 200m.<\/p>\n<p style=\"text-align: center;\">[vc_separator type=&#8217;transparent&#8217; position=&#8217;center&#8217; color=&#8221; thickness=&#8221; up=&#8221; down=&#8221;]<\/p>\n<p style=\"text-align: center;\"><a  itemprop=\"url\" href=\"https:\/\/leplanica.com\/fr\/comment-venir-au-planica\/\" target=\"_self\"  class=\"qbutton  small center default\" style=\"\">Comment nous trouver ?<\/a><\/p>\n<p>[\/vc_column_text][vc_separator type=&#8221;transparent&#8221; up=&#8221;18&#8243; down=&#8221;0&#8243;][\/vc_column_inner][vc_column_inner width=&#8221;1\/3&#8243;][vc_single_image image=&#8221;17859&#8243; img_size=&#8221;full&#8221; qode_css_animation=&#8221;element_from_fade&#8221; transition_delay=&#8221;0.6&#8243;][vc_separator type=&#8221;transparent&#8221; up=&#8221;25&#8243; down=&#8221;8&#8243;][vc_column_text]<\/p>\n<h3 style=\"text-align: center;\"><span data-type=\"normal\"  class=\"qode_icon_shortcode  q_font_awsome_icon   \" style=\" \"><i class=\"qode_icon_font_awesome fa fa-heart qode_icon_element\" style=\"font-size: 30px;\" ><\/i><\/span> ACCUEIL<\/h3>\n<p>[\/vc_column_text][vc_separator type=&#8221;transparent&#8221; up=&#8221;11&#8243; down=&#8221;0&#8243;][vc_column_text]<\/p>\n<p style=\"text-align: center;\">D\u00e9s la porte d\u2019entr\u00e9e franchie , vous p\u00e9n\u00e9trez dans un lieu familial. Nicolas, Fiona et Thomas vous accueillent dans leur r\u00e9sidence \u00e0 bras grands ouverts. Propri\u00e9taires du chalet, ils vous feront passer des vacances inoubliables gr\u00e2ce \u00e0 leur disponibilit\u00e9 et leurs conseils.<\/p>\n<p style=\"text-align: center;\">[vc_separator type=&#8217;transparent&#8217; position=&#8217;center&#8217; color=&#8221; thickness=&#8221; up=&#8221; down=&#8221;]<\/p>\n<p style=\"text-align: center;\"><a  itemprop=\"url\" href=\"https:\/\/leplanica.com\/fr\/qui-sommes-nous\/\" target=\"_self\"  class=\"qbutton  small center default\" style=\"\">Qui sommes nous ?<\/a><\/p>\n<p>[\/vc_column_text][vc_separator type=&#8221;transparent&#8221; up=&#8221;18&#8243; down=&#8221;0&#8243;][\/vc_column_inner][vc_column_inner width=&#8221;1\/3&#8243;][vc_single_image image=&#8221;17860&#8243; img_size=&#8221;full&#8221; qode_css_animation=&#8221;element_from_fade&#8221; transition_delay=&#8221;0.9&#8243;][vc_separator type=&#8221;transparent&#8221; up=&#8221;25&#8243; down=&#8221;8&#8243;][vc_column_text]<\/p>\n<h3 style=\"text-align: center;\"><span data-type=\"normal\"  class=\"qode_icon_shortcode  q_font_awsome_icon   \" style=\" \"><i class=\"qode_icon_font_awesome fa fa-smile-o qode_icon_element\" style=\"font-size: 30px;\" ><\/i><\/span> BALNEO<\/h3>\n<p>[\/vc_column_text][vc_separator type=&#8221;transparent&#8221; up=&#8221;11&#8243; down=&#8221;0&#8243;][vc_column_text]<\/p>\n<p style=\"text-align: center;\">L\u2019espace piscine baln\u00e9o comprend piscine, spa, sauna, et hammam. Apr\u00e9s une journ\u00e9e pass\u00e9e en montagne et au grand air, vous appr\u00e9cierez de rentrer au chalet pour\u00a0un moment de d\u00e9tente. Les larges baies vitr\u00e9es vous offrent\u00a0une vue plein sud sur les montagnes.<\/p>\n<p style=\"text-align: center;\">[vc_separator type=&#8217;transparent&#8217; position=&#8217;center&#8217; color=&#8221; thickness=&#8221; up=&#8221; down=&#8221;]<\/p>\n<p style=\"text-align: center;\"><a  itemprop=\"url\" href=\"https:\/\/leplanica.com\/fr\/piscine-spa-balneo-la-rosiere\/\" target=\"_self\"  class=\"qbutton  small center default\" style=\"\">Espace Piscine Balneo<\/a><\/p>\n<p>[\/vc_column_text][vc_separator type=&#8221;transparent&#8221; up=&#8221;18&#8243; down=&#8221;0&#8243;][\/vc_column_inner][\/vc_row_inner][vc_separator type=&#8221;transparent&#8221; thickness=&#8221;50&#8243;][\/vc_column][\/vc_row]<\/p>\n<\/div>","protected":false},"excerpt":{"rendered":"<p>[vc_row css_animation=&#8221;&#8221; row_type=&#8221;row&#8221; use_row_as_full_screen_section=&#8221;no&#8221; type=&#8221;grid&#8221; angled_section=&#8221;no&#8221; text_align=&#8221;left&#8221; background_image_as_pattern=&#8221;without_pattern&#8221; anchor=&#8221;portfolio&#8221; background_color=&#8221;#ffffff&#8221; padding_top=&#8221;58&#8243; padding_bottom=&#8221;0&#8243;][vc_column][vc_column_text] BIENVENUE CHEZ NOUS [\/vc_column_text][vc_separator type=&#8221;transparent&#8221; thickness=&#8221;50&#8243; up=&#8221;0&#8243; down=&#8221;0&#8243;][vc_row_inner row_type=&#8221;row&#8221; type=&#8221;full_width&#8221; text_align=&#8221;left&#8221; css_animation=&#8221;&#8221;][vc_column_inner width=&#8221;1\/3&#8243;][vc_single_image image=&#8221;17755&#8243; img_size=&#8221;full&#8221; qode_css_animation=&#8221;element_from_fade&#8221; transition_delay=&#8221;0.3&#8243;][vc_separator type=&#8221;transparent&#8221; up=&#8221;25&#8243; down=&#8221;8&#8243;][vc_column_text] RESIDENCE DE CHARME [\/vc_column_text][vc_separator type=&#8221;transparent&#8221; up=&#8221;11&#8243; down=&#8221;0&#8243;][vc_column_text] Implant\u00e9 \u00e0 La Rosi\u00e8re, \u00e0 deux&#8230;<\/p>\n","protected":false},"author":4,"featured_media":0,"parent":0,"menu_order":0,"comment_status":"open","ping_status":"closed","template":"full_width.php","meta":{"footnotes":""},"class_list":["post-15694","page","type-page","status-publish","hentry"],"_links":{"self":[{"href":"https:\/\/leplanica.com\/fr\/wp-json\/wp\/v2\/pages\/15694","targetHints":{"allow":["GET"]}}],"collection":[{"href":"https:\/\/leplanica.com\/fr\/wp-json\/wp\/v2\/pages"}],"about":[{"href":"https:\/\/leplanica.com\/fr\/wp-json\/wp\/v2\/types\/page"}],"author":[{"embeddable":true,"href":"https:\/\/leplanica.com\/fr\/wp-json\/wp\/v2\/users\/4"}],"replies":[{"embeddable":true,"href":"https:\/\/leplanica.com\/fr\/wp-json\/wp\/v2\/comments?post=15694"}],"version-history":[{"count":0,"href":"https:\/\/leplanica.com\/fr\/wp-json\/wp\/v2\/pages\/15694\/revisions"}],"wp:attachment":[{"href":"https:\/\/leplanica.com\/fr\/wp-json\/wp\/v2\/media?parent=15694"}],"curies":[{"name":"wp","href":"https:\/\/api.w.org\/{rel}","templated":true}]}}